{"id":322,"date":"2016-02-27T08:40:04","date_gmt":"2016-02-27T08:40:04","guid":{"rendered":"http:\/\/test.kriesi.at\/enfold-cv\/?page_id=2"},"modified":"2026-05-01T08:28:19","modified_gmt":"2026-05-01T08:28:19","slug":"inici","status":"publish","type":"page","link":"https:\/\/espaivincles.es\/","title":{"rendered":"Inici"},"content":{"rendered":"<div id='av-layout-grid-1'  class='av-layout-grid-container entry-content-wrapper main_color av-fixed-cells     avia-builder-el-0  el_before_av_section  avia-builder-el-first  container_wrap fullsize' style=' '  >\n<div class=\"flex_cell no_margin av_one_third  avia-builder-el-1  el_before_av_cell_one_third  avia-builder-el-first   \"  style='vertical-align:top; padding:3px 0px 0px 0px ; background-color:#a0cdd2; ' ><div class='flex_cell_inner' ><\/div><\/div><div class=\"flex_cell no_margin av_one_third  avia-builder-el-2  el_after_av_cell_one_third  el_before_av_cell_one_third   \"  style='vertical-align:top; padding:3px 0px 0px 0px ; background-color:#88aeb3; ' ><div class='flex_cell_inner' ><\/div><\/div><div class=\"flex_cell no_margin av_one_third  avia-builder-el-3  el_after_av_cell_one_third  avia-builder-el-last   \"  style='vertical-align:top; padding:3px 0px 0px 0px ; background-color:#697e81; ' ><div class='flex_cell_inner' ><\/div><\/div>\n<\/div>\n<div id='av_section_1'  class='avia-section main_color avia-section-large avia-no-border-styling  avia-full-contain avia-bg-style-fixed  avia-builder-el-4  el_after_av_layout_row  el_before_av_section   container_wrap fullsize' style='background-color: #f4f4f4; background-repeat: no-repeat; background-image: url(https:\/\/espaivincles.es\/wp-content\/uploads\/2020\/10\/FRANJA-3-SUP-31.jpg);background-attachment: fixed; background-position: top center;  '  data-section-bg-repeat='contain'><div class='container' ><div class='template-page content  av-content-full alpha units'><div class='post-entry post-entry-type-page post-entry-322'><div class='entry-content-wrapper clearfix'>\n<div class='flex_column_table av-equal-height-column-flextable -flextable' style='margin-top:0px; margin-bottom:0px; '><div class=\"flex_column av_one_fifth  no_margin flex_column_table_cell av-equal-height-column av-align-middle first  avia-builder-el-5  el_before_av_two_fifth  avia-builder-el-first  \" style='padding:0px 20px 0px 0px ; border-radius:0px; '><div  class='avia-image-container  av-styling-    avia-builder-el-6  avia-builder-el-no-sibling  avia-align-center '  itemprop=\"image\" itemscope=\"itemscope\" itemtype=\"https:\/\/schema.org\/ImageObject\"  ><div class='avia-image-container-inner'><div class='avia-image-overlay-wrap'><img class='avia_image' src='https:\/\/espaivincles.es\/wp-content\/uploads\/2020\/10\/LOGO-PNG-700-258x300.png' alt='' title='' height=\"300\" width=\"258\"  itemprop=\"thumbnailUrl\"  \/><\/div><\/div><\/div><\/div><div class=\"flex_column av_two_fifth  no_margin flex_column_table_cell av-equal-height-column av-align-middle av-zero-column-padding   avia-builder-el-7  el_after_av_one_fifth  el_before_av_one_fifth  \" style='border-radius:0px; '><p><div  style='padding-bottom:0px; color:#303030;font-size:30px;' class='av-special-heading av-special-heading-h3 custom-color-heading blockquote modern-quote  avia-builder-el-8  el_before_av_textblock  avia-builder-el-first  av-inherit-size '><h3 class='av-special-heading-tag '  itemprop=\"headline\"  >Montse Mateo <BR>Claramunt <\/h3><div class ='av-subheading av-subheading_below av_custom_color ' style='font-size:18px;'><p>Psicologia infantil<\/p>\n<\/div><div class='special-heading-border'><div class='special-heading-inner-border' style='border-color:#303030'><\/div><\/div><\/div><br \/>\n<section class=\"av_textblock_section \"  itemscope=\"itemscope\" itemtype=\"https:\/\/schema.org\/CreativeWork\" ><div class='avia_textblock  '  style='font-size:13px; '  itemprop=\"text\" ><p>M\u00f2bil 628 55 91 16<\/p>\n<\/div><\/section><\/p><\/div><div class=\"flex_column av_one_fifth  no_margin flex_column_table_cell av-equal-height-column av-align-middle av-zero-column-padding   avia-builder-el-10  el_after_av_two_fifth  avia-builder-el-last  \" style='border-radius:0px; '><\/div><\/div><!--close column table wrapper. Autoclose: 1 -->\n\n<\/div><\/div><\/div><!-- close content main div --><\/div><\/div><div id='av_section_2'  class='avia-section main_color avia-section-large avia-no-border-styling  avia-bg-style-scroll  avia-builder-el-11  el_after_av_section  avia-builder-el-last   container_wrap fullsize' style=' '  ><div class='container' ><div class='template-page content  av-content-full alpha units'><div class='post-entry post-entry-type-page post-entry-322'><div class='entry-content-wrapper clearfix'>\n<div class=\"flex_column av_one_third  flex_column_div av-zero-column-padding first  avia-builder-el-12  el_before_av_two_third  avia-builder-el-first  \" style='border-radius:0px; '><p><div  style='padding-bottom:0px; color:#6b6b6b;font-size:30px;' class='av-special-heading av-special-heading-h1 custom-color-heading blockquote modern-quote modern-centered  avia-builder-el-13  el_before_av_hr  avia-builder-el-first  av-inherit-size '><h1 class='av-special-heading-tag '  itemprop=\"headline\"  >Qu\u00e8 fem a Espai Vincles? <\/h1><div class='special-heading-border'><div class='special-heading-inner-border' style='border-color:#6b6b6b'><\/div><\/div><\/div><br \/>\n<div  style='height:100px' class='hr hr-invisible   avia-builder-el-14  el_after_av_heading  avia-builder-el-last '><span class='hr-inner ' ><span class='hr-inner-style'><\/span><\/span><\/div><\/p><\/div><div class=\"flex_column av_two_third  av-animated-generic fade-in  avia-full-stretch flex_column_div   avia-builder-el-15  el_after_av_one_third  el_before_av_hr  \" style='background: #f4f4f4; padding:38px; background-color:#f4f4f4; border-radius:18px; '><section class=\"av_textblock_section \"  itemscope=\"itemscope\" itemtype=\"https:\/\/schema.org\/CreativeWork\" ><div class='avia_textblock  av_inherit_color '  style='color:#8e8e8e; '  itemprop=\"text\" ><p>A l&#8217;Espai Vincles fem prevenci\u00f3, assessorament, valoraci\u00f3 i tractament als infants i les seves fam\u00edlies al llarg del seu creixement.<br \/>\nSom un equip de professionals amb una llarga experi\u00e8ncia i formaci\u00f3 humana, en el sector p\u00fablic i privat, que treballem de forma coordinada per entendre i atendre a l&#8217;infant i la seva fam\u00edlia des de la globalitat.<br \/>\nTreballem a trav\u00e9s del joc i de la relaci\u00f3. En la relaci\u00f3 i el tracte es configura el pensament i la crian\u00e7a, el bon tracte conforma un vincle que ajuda a cr\u00e9ixer. El joc \u00e9s la manera que t\u00e9 l&#8217;infant d&#8217;expressar-se i els terapeutes d&#8217;entendre el seu m\u00f3n interior detectant necessitats, dificultats, inquietuds, desitjos, capacitats&#8230;<\/p>\n<p><strong>\u00ab&#8230;per al nen jugar \u00e9s com pensar en veu alta&#8230;\u00bb<\/strong><\/p>\n<p>A l&#8217;Espai Vincles atenem a les persones al llarg del seu cicle vital, fent especial atenci\u00f3 en la petita inf\u00e0ncia. Per a nosaltres aquest per\u00edode \u00e9s de vital import\u00e0ncia per al bon funcionament en la resta de les etapes de la vida. Les primeres relacions, els primers vincles i com aquests s&#8217;han dut a terme, poden determinar situacions posteriors en el desenvolupament dels infants. La manera de relacionar-nos amb nosaltres mateixos i amb els altres ser\u00e0 la base de la resta de les nostres relacions al llarg de la vida.<br \/>\nTot i la import\u00e0ncia d&#8217;aquest per\u00edode, m\u00e9s endavant podem fer un proc\u00e9s, modificant i evolucionant aspectes de la nostra manera de ser en l&#8217;adolesc\u00e8ncia i l&#8217;edat adulta a trav\u00e9s del vincle amb un altre, que escolta, compren, cont\u00e9 i acompanya.<\/p>\n<p><strong>\u00ab&#8230;el buen trato modifica la estructura&#8230;\u00bb de Jorge Barudy<\/strong><\/p>\n<\/div><\/section><\/div><div  style='height:25px' class='hr hr-invisible   avia-builder-el-17  el_after_av_two_third  el_before_av_hr '><span class='hr-inner ' ><span class='hr-inner-style'><\/span><\/span><\/div>\n<div   class='hr hr-big   avia-builder-el-18  el_after_av_hr  el_before_av_hr '><span class='hr-inner ' ><span class='hr-inner-style'><\/span><\/span><\/div>\n<div  style='height:25px' class='hr hr-invisible   avia-builder-el-19  el_after_av_hr  el_before_av_one_third '><span class='hr-inner ' ><span class='hr-inner-style'><\/span><\/span><\/div>\n<div class=\"flex_column av_one_third  av-animated-generic fade-in  flex_column_div av-zero-column-padding first  avia-builder-el-20  el_after_av_hr  el_before_av_one_third  \" style='border-radius:0px; '><div  style='padding-bottom:0px; color:#6b6b6b;' class='av-special-heading av-special-heading-h1 custom-color-heading blockquote modern-quote modern-centered  avia-builder-el-21  avia-builder-el-no-sibling  '><h1 class='av-special-heading-tag '  itemprop=\"headline\"  >Sobre mi<\/h1><div class='special-heading-border'><div class='special-heading-inner-border' style='border-color:#6b6b6b'><\/div><\/div><\/div><\/div><div class=\"flex_column av_one_third  av-animated-generic fade-in  flex_column_div   avia-builder-el-22  el_after_av_one_third  el_before_av_one_third  \" style='background: #f4f4f4; padding:38px; background-color:#f4f4f4; border-radius:18px; '><p><section class=\"av_textblock_section \"  itemscope=\"itemscope\" itemtype=\"https:\/\/schema.org\/CreativeWork\" ><div class='avia_textblock  av_inherit_color '  style='color:#8e8e8e; '  itemprop=\"text\" ><p>Em dic Montse Mateo Claramunt i soc psic\u00f2loga.<\/p>\n<p>Em dedico principalment a l\u2019atenci\u00f3 preco\u00e7, a la psicologia infantil i a l\u2019acompanyament de mares i pares que necessiten suport.<\/p>\n<\/div><\/section><br \/>\n<section class=\"av_textblock_section \"  itemscope=\"itemscope\" itemtype=\"https:\/\/schema.org\/CreativeWork\" ><div class='avia_textblock  av_inherit_color '  style='color:#8e8e8e; '  itemprop=\"text\" ><p>Des de fa 6 anys, combino la meva feina al CDIAP de Blanes amb la consulta privada a Cabrils. Abans tamb\u00e9 vaig treballar al CDIAP de Sant Celoni i vaig fer de mestra d\u2019educaci\u00f3 especial a la ZER del Baix Montseny.<\/p>\n<\/div><\/section><br \/>\n<div  style='height:50px' class='hr hr-invisible   avia-builder-el-25  el_after_av_textblock  el_before_av_icon_box '><span class='hr-inner ' ><span class='hr-inner-style'><\/span><\/span><\/div><br \/>\n<article  class=\"iconbox iconbox_right_content    avia-builder-el-26  el_after_av_hr  avia-builder-el-last  \"  itemscope=\"itemscope\" itemtype=\"https:\/\/schema.org\/CreativeWork\" ><a href='https:\/\/espaivincles.es\/index.php\/sobre-mi\/' title='Segueix llegint.'  class=\"iconbox_icon heading-color \" aria-hidden='true' data-av_icon='\ue832' data-av_iconfont='entypo-fontello'  ><\/a><div class=\"iconbox_content\"><header class=\"entry-content-header\"><h3 class='iconbox_content_title  '  itemprop=\"headline\"   style='color:#af1515; '><a href='https:\/\/espaivincles.es\/index.php\/sobre-mi\/' title='Segueix llegint.' >Segueix llegint.<\/a><\/h3><\/header><div class='iconbox_content_container  '  itemprop=\"text\"  ><\/div><\/div><footer class=\"entry-footer\"><\/footer><\/article><\/p><\/div><div class=\"flex_column av_one_third  flex_column_div av-zero-column-padding   avia-builder-el-27  el_after_av_one_third  el_before_av_hr  \" style='border-radius:0px; '><p><div  style='height:50px' class='hr hr-invisible   avia-builder-el-28  el_before_av_image  avia-builder-el-first '><span class='hr-inner ' ><span class='hr-inner-style'><\/span><\/span><\/div><br \/>\n<div  class='avia-image-container  av-styling-circle    avia-builder-el-29  el_after_av_hr  avia-builder-el-last  avia-align-left '  itemprop=\"image\" itemscope=\"itemscope\" itemtype=\"https:\/\/schema.org\/ImageObject\"  ><div class='avia-image-container-inner'><div class='avia-image-overlay-wrap'><a href='https:\/\/espaivincles.es\/wp-content\/uploads\/2020\/10\/MONTSE-800-X-800.jpg' class='avia_image'  ><img class='avia_image ' src='https:\/\/espaivincles.es\/wp-content\/uploads\/2020\/10\/MONTSE-800-X-800-300x300.jpg' alt='' title=''  itemprop=\"thumbnailUrl\"  \/><\/a><\/div><\/div><\/div><\/p><\/div><div   class='hr hr-big   avia-builder-el-30  el_after_av_one_third  el_before_av_one_third '><span class='hr-inner ' ><span class='hr-inner-style'><\/span><\/span><\/div>\n<div class=\"flex_column av_one_third  flex_column_div first  avia-builder-el-31  el_after_av_hr  el_before_av_two_third  \" style='background: #f4f4f4; padding:38px; background-color:#f4f4f4; border-radius:18px; '><p><div  style='padding-bottom:0px; color:#6b6b6b;' class='av-special-heading av-special-heading-h1 custom-color-heading blockquote modern-quote  avia-builder-el-32  el_before_av_hr  avia-builder-el-first  '><h1 class='av-special-heading-tag '  itemprop=\"headline\"  >Com treballo<\/h1><div class='special-heading-border'><div class='special-heading-inner-border' style='border-color:#6b6b6b'><\/div><\/div><\/div><br \/>\n<div  style='height:25px' class='hr hr-invisible   avia-builder-el-33  el_after_av_heading  el_before_av_textblock '><span class='hr-inner ' ><span class='hr-inner-style'><\/span><\/span><\/div><br \/>\n<section class=\"av_textblock_section \"  itemscope=\"itemscope\" itemtype=\"https:\/\/schema.org\/CreativeWork\" ><div class='avia_textblock  av_inherit_color '  style='color:#8e8e8e; '  itemprop=\"text\" ><p>A l&#8217;Espai Vincles m\u2019ocupo de l\u2019infant i la seva fam\u00edlia des d\u2019una perspectiva global i multidisciplin\u00e0ria. Quan cal em coordino amb tots els serveis de l&#8217;entorn de l&#8217;infant, escoles bressol, escoles, instituts, EAP, CSMIJ, pediatres i serveis socials. Perqu\u00e8 entenc que \u00e9s la manera de tenir una mateixa mirada de les necessitats de l\u2019infant i la seva fam\u00edlia.<\/p>\n<p><strong>En un inici es dur a terme un proc\u00e9s diagn\u00f2stic per veure quin suport necessita l&#8217;infant. <\/strong><\/p>\n<\/div><\/section><br \/>\n<div  style='height:50px' class='hr hr-invisible   avia-builder-el-35  el_after_av_textblock  el_before_av_icon_box '><span class='hr-inner ' ><span class='hr-inner-style'><\/span><\/span><\/div><br \/>\n<article  class=\"iconbox iconbox_right_content    avia-builder-el-36  el_after_av_hr  avia-builder-el-last  \"  itemscope=\"itemscope\" itemtype=\"https:\/\/schema.org\/CreativeWork\" ><a href='https:\/\/espaivincles.es\/index.php\/com-treballo\/' title='Segueix llegint.'  class=\"iconbox_icon heading-color \" aria-hidden='true' data-av_icon='\ue832' data-av_iconfont='entypo-fontello'  ><\/a><div class=\"iconbox_content\"><header class=\"entry-content-header\"><h3 class='iconbox_content_title  '  itemprop=\"headline\"   style='color:#af1515; '><a href='https:\/\/espaivincles.es\/index.php\/com-treballo\/' title='Segueix llegint.' >Segueix llegint.<\/a><\/h3><\/header><div class='iconbox_content_container  '  itemprop=\"text\"  ><\/div><\/div><footer class=\"entry-footer\"><\/footer><\/article><\/p><\/div><div class=\"flex_column av_two_third  flex_column_div av-zero-column-padding   avia-builder-el-37  el_after_av_one_third  el_before_av_hr  \" style='border-radius:0px; '><div id='av-masonry-1' class='av-masonry  noHover av-fixed-size av-large-gap av-hover-overlay-active av-masonry-animation-active av-masonry-col-2 av-caption-always av-caption-style- av-masonry-gallery     '  ><div class='av-masonry-container isotope av-js-disabled ' ><div class='av-masonry-entry isotope-item av-masonry-item-no-image '><\/div><a href=\"https:\/\/espaivincles.es\/wp-content\/uploads\/2020\/10\/1-2.jpg\" id='av-masonry-1-item-556' data-av-masonry-item='556' class='av-masonry-entry isotope-item post-556 attachment type-attachment status-inherit hentry  av-masonry-item-with-image' title=\"\"  itemprop=\"thumbnailUrl\" ><div class='av-inner-masonry-sizer'><\/div><figure class='av-inner-masonry main_color'><div class=\"av-masonry-outerimage-container\"><div class=\"av-masonry-image-container\" style=\"background-image: url(https:\/\/espaivincles.es\/wp-content\/uploads\/2020\/10\/1-2.jpg);\"><\/div><\/div><\/figure><\/a><!--end av-masonry entry--><a href=\"https:\/\/espaivincles.es\/wp-content\/uploads\/2020\/10\/2.jpg\" id='av-masonry-1-item-557' data-av-masonry-item='557' class='av-masonry-entry isotope-item post-557 attachment type-attachment status-inherit hentry  av-masonry-item-with-image' title=\"\"  itemprop=\"thumbnailUrl\" ><div class='av-inner-masonry-sizer'><\/div><figure class='av-inner-masonry main_color'><div class=\"av-masonry-outerimage-container\"><div class=\"av-masonry-image-container\" style=\"background-image: url(https:\/\/espaivincles.es\/wp-content\/uploads\/2020\/10\/2.jpg);\"><\/div><\/div><\/figure><\/a><!--end av-masonry entry--><a href=\"https:\/\/espaivincles.es\/wp-content\/uploads\/2020\/10\/3.jpg\" id='av-masonry-1-item-558' data-av-masonry-item='558' class='av-masonry-entry isotope-item post-558 attachment type-attachment status-inherit hentry  av-masonry-item-with-image' title=\"\"  itemprop=\"thumbnailUrl\" ><div class='av-inner-masonry-sizer'><\/div><figure class='av-inner-masonry main_color'><div class=\"av-masonry-outerimage-container\"><div class=\"av-masonry-image-container\" style=\"background-image: url(https:\/\/espaivincles.es\/wp-content\/uploads\/2020\/10\/3.jpg);\"><\/div><\/div><\/figure><\/a><!--end av-masonry entry--><a href=\"https:\/\/espaivincles.es\/wp-content\/uploads\/2020\/10\/4.jpg\" id='av-masonry-1-item-559' data-av-masonry-item='559' class='av-masonry-entry isotope-item post-559 attachment type-attachment status-inherit hentry  av-masonry-item-with-image' title=\"\"  itemprop=\"thumbnailUrl\" ><div class='av-inner-masonry-sizer'><\/div><figure class='av-inner-masonry main_color'><div class=\"av-masonry-outerimage-container\"><div class=\"av-masonry-image-container\" style=\"background-image: url(https:\/\/espaivincles.es\/wp-content\/uploads\/2020\/10\/4.jpg);\"><\/div><\/div><\/figure><\/a><!--end av-masonry entry--><\/div><\/div><\/div><div   class='hr hr-big   avia-builder-el-39  el_after_av_two_third  el_before_av_one_third '><span class='hr-inner ' ><span class='hr-inner-style'><\/span><\/span><\/div>\n<div class=\"flex_column av_one_third  flex_column_div av-zero-column-padding first  avia-builder-el-40  el_after_av_hr  el_before_av_two_third  \" style='border-radius:0px; '><p><div  style='height:1px; margin-top:-28px'  class='hr hr-invisible   avia-builder-el-41  el_before_av_heading  avia-builder-el-first '><span class='hr-inner ' ><span class='hr-inner-style'><\/span><\/span><\/div><br \/>\n<div  style='padding-bottom:0px; color:#6b6b6b;' class='av-special-heading av-special-heading-h1 custom-color-heading blockquote modern-quote modern-centered  avia-builder-el-42  el_after_av_hr  avia-builder-el-last  '><h1 class='av-special-heading-tag '  itemprop=\"headline\"  >Serveis<\/h1><div class='special-heading-border'><div class='special-heading-inner-border' style='border-color:#6b6b6b'><\/div><\/div><\/div><\/p><\/div><div class=\"flex_column av_two_third  av-animated-generic fade-in  flex_column_div   avia-builder-el-43  el_after_av_one_third  el_before_av_hr  \" style='background: #f4f4f4; padding:38px; background-color:#f4f4f4; border-radius:18px; '><p><div  style='padding-bottom:0px; color:#8e8e8e;' class='av-special-heading av-special-heading-h1 custom-color-heading blockquote modern-quote  avia-builder-el-44  el_before_av_textblock  avia-builder-el-first  '><div class ='av-subheading av-subheading_above av_custom_color ' style='font-size:15px;'><p>infants de 0 a 6 anys<\/p>\n<\/div><h1 class='av-special-heading-tag '  itemprop=\"headline\"  >Atenci\u00f3 preco\u00e7<\/h1><div class='special-heading-border'><div class='special-heading-inner-border' style='border-color:#8e8e8e'><\/div><\/div><\/div><br \/>\n<section class=\"av_textblock_section \"  itemscope=\"itemscope\" itemtype=\"https:\/\/schema.org\/CreativeWork\" ><div class='avia_textblock  av_inherit_color '  style='color:#8e8e8e; '  itemprop=\"text\" ><p>Servei adre\u00e7at als infants de 0 a 6 anys i a les seves fam\u00edlies en tot all\u00f2 relacionat amb el desenvolupament i la crian\u00e7a. Soc especialista en petita inf\u00e0ncia i aquest fet diferencia l&#8217;Espai Vincles d&#8217;altres serveis de la zona. Treballar amb els infants i les seves fam\u00edlies des del primer moment de forma preco\u00e7, ajuda a prevenir, evitar i minimitzar greus alteracions en el posterior desenvolupament f\u00edsic, ps\u00edquic i emocional de l\u2019infant.<\/p>\n<\/div><\/section><br \/>\n<div  style=' margin-top:10px; margin-bottom:30px;'  class='hr hr-custom hr-left hr-icon-no   avia-builder-el-46  el_after_av_textblock  el_before_av_heading '><span class='hr-inner   inner-border-av-border-fat' style=' width:50px;' ><span class='hr-inner-style'><\/span><\/span><\/div><br \/>\n<div  style='padding-bottom:0px; color:#8e8e8e;' class='av-special-heading av-special-heading-h1 custom-color-heading blockquote modern-quote  avia-builder-el-47  el_after_av_hr  el_before_av_textblock  '><div class ='av-subheading av-subheading_above av_custom_color ' style='font-size:15px;'><p>psicologia din\u00e0mica<\/p>\n<\/div><h1 class='av-special-heading-tag '  itemprop=\"headline\"  >Psicologia infantil i Reeducacions<\/h1><div class='special-heading-border'><div class='special-heading-inner-border' style='border-color:#8e8e8e'><\/div><\/div><\/div><br \/>\n<section class=\"av_textblock_section \"  itemscope=\"itemscope\" itemtype=\"https:\/\/schema.org\/CreativeWork\" ><div class='avia_textblock  av_inherit_color '  style='color:#8e8e8e; '  itemprop=\"text\" ><p>El meu marc te\u00f2ric referent \u00e9s la psicologia din\u00e0mica, entenem que el creixement \u00e9s un proc\u00e9s de maduraci\u00f3 i per tant din\u00e0mic i en constant evoluci\u00f3. Alhora tamb\u00e9 treballo amb altres metodologies com la psicologia sist\u00e8mica; l&#8217;infant pertany a un sistema familiar, mirar l&#8217;infant en el seu context natural i veure quines din\u00e0miques s&#8217;estableixen entre els seus membres, pot ajudar a entendre les dificultats que presenta i afavorir el benestar de tots.<\/p>\n<\/div><\/section><br \/>\n<div  style=' margin-top:10px; margin-bottom:30px;'  class='hr hr-custom hr-left hr-icon-no   avia-builder-el-49  el_after_av_textblock  el_before_av_heading '><span class='hr-inner   inner-border-av-border-fat' style=' width:50px;' ><span class='hr-inner-style'><\/span><\/span><\/div><br \/>\n<div  style='padding-bottom:0px; color:#8e8e8e;' class='av-special-heading av-special-heading-h1 custom-color-heading blockquote modern-quote  avia-builder-el-50  el_after_av_hr  el_before_av_textblock  '><div class ='av-subheading av-subheading_above av_custom_color ' style='font-size:15px;'><p>dificultats en la crian\u00e7a<\/p>\n<\/div><h1 class='av-special-heading-tag '  itemprop=\"headline\"  >Infants i adolescents<\/h1><div class='special-heading-border'><div class='special-heading-inner-border' style='border-color:#8e8e8e'><\/div><\/div><\/div><br \/>\n<section class=\"av_textblock_section \"  itemscope=\"itemscope\" itemtype=\"https:\/\/schema.org\/CreativeWork\" ><div class='avia_textblock  av_inherit_color '  style='color:#8e8e8e; '  itemprop=\"text\" ><p>Dificultats en la crian\u00e7a (alimentaci\u00f3, son, control d&#8217;esf\u00ednters, l\u00edmits, conducta&#8230;), retard en el desenvolupament evolutiu, trastorns emocionals (ansietat, pors, tristor, inseguretat, autoestima&#8230;), trastorns generalitzats del desenvolupament (TGD, TEA, autisme, psicosi infantil, Aspeger&#8230;), dificultats en el comportament (impulsivitat, agressivitat, conducta disruptiva&#8230;).<\/p>\n<\/div><\/section><br \/>\n<div  style=' margin-top:10px; margin-bottom:30px;'  class='hr hr-custom hr-left hr-icon-no   avia-builder-el-52  el_after_av_textblock  el_before_av_heading '><span class='hr-inner   inner-border-av-border-fat' style=' width:50px;' ><span class='hr-inner-style'><\/span><\/span><\/div><br \/>\n<div  style='padding-bottom:0px; color:#8e8e8e;' class='av-special-heading av-special-heading-h1 custom-color-heading blockquote modern-quote  avia-builder-el-53  el_after_av_hr  el_before_av_textblock  '><div class ='av-subheading av-subheading_above av_custom_color ' style='font-size:15px;'><p>dificultats d&#8217;aprenentatge<\/p>\n<\/div><h1 class='av-special-heading-tag '  itemprop=\"headline\"  >Psicopedagogia<\/h1><div class='special-heading-border'><div class='special-heading-inner-border' style='border-color:#8e8e8e'><\/div><\/div><\/div><br \/>\n<section class=\"av_textblock_section \"  itemscope=\"itemscope\" itemtype=\"https:\/\/schema.org\/CreativeWork\" ><div class='avia_textblock  av_inherit_color '  style='color:#6b6b6b; '  itemprop=\"text\" ><p>Dificultats d&#8217;aprenentatge i t\u00e8cniques d&#8217;estudi, reeducacions (disl\u00e8xia, inatenci\u00f3, impulsivitat, hiperactivitat).<\/p>\n<\/div><\/section><br \/>\n<div  style=' margin-top:10px; margin-bottom:30px;'  class='hr hr-custom hr-left hr-icon-no   avia-builder-el-55  el_after_av_textblock  el_before_av_heading '><span class='hr-inner   inner-border-av-border-fat' style=' width:90px;' ><span class='hr-inner-style'><\/span><\/span><\/div><br \/>\n<div  style='padding-bottom:0px; color:#8e8e8e;' class='av-special-heading av-special-heading-h1 custom-color-heading blockquote modern-quote  avia-builder-el-56  el_after_av_hr  el_before_av_textblock  '><div class ='av-subheading av-subheading_above av_custom_color ' style='font-size:15px;'><p>Acompanyament<\/p>\n<\/div><h1 class='av-special-heading-tag '  itemprop=\"headline\"  >i suport a l\u2019adopci\u00f3<\/h1><div class='special-heading-border'><div class='special-heading-inner-border' style='border-color:#8e8e8e'><\/div><\/div><\/div><br \/>\n<section class=\"av_textblock_section \"  itemscope=\"itemscope\" itemtype=\"https:\/\/schema.org\/CreativeWork\" ><div class='avia_textblock  av_inherit_color '  style='color:#8e8e8e; '  itemprop=\"text\" ><p>En l\u2019adopci\u00f3 es dona la trobada entre dues hist\u00f2ries doloroses. Per una banda, el fill\/a adoptat que ha estat abandonat per la seva fam\u00edlia biol\u00f2gica i que en molts casos ha hagut de canviar de grup cultural. I per l\u2019altre, es troba la fam\u00edlia adoptiva que en la gran majoria ha patit la p\u00e8rdua o ha hagut de renunciar al fill biol\u00f2gic desitjat.<\/p>\n<\/div><\/section><br \/>\n<div  style=' margin-top:10px; margin-bottom:30px;'  class='hr hr-custom hr-left hr-icon-no   avia-builder-el-58  el_after_av_textblock  el_before_av_icon_box '><span class='hr-inner   inner-border-av-border-fat' style=' width:90px;' ><span class='hr-inner-style'><\/span><\/span><\/div><br \/>\n<article  class=\"iconbox iconbox_right_content    avia-builder-el-59  el_after_av_hr  avia-builder-el-last  \"  itemscope=\"itemscope\" itemtype=\"https:\/\/schema.org\/CreativeWork\" ><a href='https:\/\/espaivincles.es\/index.php\/serveis\/' title='Segueix llegint.'  class=\"iconbox_icon heading-color \" aria-hidden='true' data-av_icon='\ue832' data-av_iconfont='entypo-fontello'  ><\/a><div class=\"iconbox_content\"><header class=\"entry-content-header\"><h3 class='iconbox_content_title  '  itemprop=\"headline\"   style='color:#af1515; '><a href='https:\/\/espaivincles.es\/index.php\/serveis\/' title='Segueix llegint.' >Segueix llegint.<\/a><\/h3><\/header><div class='iconbox_content_container  '  itemprop=\"text\"  ><\/div><\/div><footer class=\"entry-footer\"><\/footer><\/article><\/p><\/div><div   class='hr hr-big   avia-builder-el-60  el_after_av_two_third  el_before_av_one_third '><span class='hr-inner ' ><span class='hr-inner-style'><\/span><\/span><\/div>\n<div class=\"flex_column av_one_third  flex_column_div av-zero-column-padding first  avia-builder-el-61  el_after_av_hr  el_before_av_two_third  \" style='border-radius:0px; '><p><div  style='height:1px; margin-top:-32px'  class='hr hr-invisible   avia-builder-el-62  el_before_av_heading  avia-builder-el-first '><span class='hr-inner ' ><span class='hr-inner-style'><\/span><\/span><\/div><br \/>\n<div  style='padding-bottom:0px; ' class='av-special-heading av-special-heading-h1  blockquote modern-quote  avia-builder-el-63  el_after_av_hr  el_before_av_image  '><h1 class='av-special-heading-tag '  itemprop=\"headline\"  >Proposta:<\/h1><div class='special-heading-border'><div class='special-heading-inner-border' ><\/div><\/div><\/div><br \/>\n<div  class='avia-image-container avia_animated_image avia_animate_when_almost_visible fade-in av-styling-no-styling    avia-builder-el-64  el_after_av_heading  el_before_av_image  avia-align-center '  itemprop=\"image\" itemscope=\"itemscope\" itemtype=\"https:\/\/schema.org\/ImageObject\"  ><div class='avia-image-container-inner'><div class='avia-image-overlay-wrap'><a href='https:\/\/espaivincles.es\/index.php\/proposta\/' class='avia_image'  ><img class='avia_image ' src='https:\/\/espaivincles.es\/wp-content\/uploads\/2020\/10\/cropped-Glifing-New-Logo-2020-2048x702-1-300x103.png' alt='' title=''  itemprop=\"thumbnailUrl\"  \/><\/a><\/div><\/div><\/div><br \/>\n<div  class='avia-image-container avia_animated_image avia_animate_when_almost_visible pop-up av-styling-no-styling av-hover-grow   avia-builder-el-65  el_after_av_image  el_before_av_image  avia-align-center '  itemprop=\"image\" itemscope=\"itemscope\" itemtype=\"https:\/\/schema.org\/ImageObject\"  ><div class='avia-image-container-inner'><div class='avia-image-overlay-wrap'><a href='https:\/\/espaivincles.es\/index.php\/proposta\/' class='avia_image'  ><img class='avia_image ' src='https:\/\/espaivincles.es\/wp-content\/uploads\/2020\/10\/1-1-300x251.jpg' alt='' title=''  itemprop=\"thumbnailUrl\"  \/><\/a><\/div><\/div><\/div><br \/>\n<div  class='avia-image-container avia_animated_image avia_animate_when_almost_visible pop-up av-styling-no-styling av-hover-grow   avia-builder-el-66  el_after_av_image  el_before_av_hr  avia-align-center '  itemprop=\"image\" itemscope=\"itemscope\" itemtype=\"https:\/\/schema.org\/ImageObject\"  ><div class='avia-image-container-inner'><div class='avia-image-overlay-wrap'><a href='https:\/\/espaivincles.es\/index.php\/proposta\/' class='avia_image'  ><img class='avia_image ' src='https:\/\/espaivincles.es\/wp-content\/uploads\/2020\/11\/DSC_0272-2-495x400.jpg' alt='' title=''  itemprop=\"thumbnailUrl\"  \/><\/a><\/div><\/div><\/div><br \/>\n<div  style='height:15px' class='hr hr-invisible   avia-builder-el-67  el_after_av_image  el_before_av_textblock '><span class='hr-inner ' ><span class='hr-inner-style'><\/span><\/span><\/div><br \/>\n<section class=\"av_textblock_section \"  itemscope=\"itemscope\" itemtype=\"https:\/\/schema.org\/CreativeWork\" ><div class='avia_textblock  av_inherit_color '  style='font-size:11px; color:#262626; '  itemprop=\"text\" ><p><a href=\"https:\/\/www.glifing.com\/\">GLIFING<\/a> \u00e9s una marca registrada.\u00a0Tant el nom com la imatge corporativa que duu associada (logotip i imatges) estan protegits per la llei.\u00a0El titular dels drets de la marca GLIFING \u00e9s GLIFING S.L.\u00a0qui es reserva el dret de concedir-ne el l\u2019\u00fas.<\/p>\n<\/div><\/section><br \/>\n<div  style='height:20px' class='hr hr-invisible   avia-builder-el-69  el_after_av_textblock  avia-builder-el-last '><span class='hr-inner ' ><span class='hr-inner-style'><\/span><\/span><\/div><\/p><\/div><div class=\"flex_column av_two_third  av-animated-generic fade-in  flex_column_div   avia-builder-el-70  el_after_av_one_third  el_before_av_hr  \" style='background: #f4f4f4; padding:38px; background-color:#f4f4f4; border-radius:18px; '><p><div  style='padding-bottom:0px; ' class='av-special-heading av-special-heading-h1  blockquote modern-quote  avia-builder-el-71  el_before_av_hr  avia-builder-el-first  '><h1 class='av-special-heading-tag '  itemprop=\"headline\"  >M\u00e8tode GLIFING<\/h1><div class ='av-subheading av-subheading_below  ' style='font-size:15px;'><p>entrenament de la lectura<\/p>\n<\/div><div class='special-heading-border'><div class='special-heading-inner-border' ><\/div><\/div><\/div><br \/>\n<div  style='height:30px' class='hr hr-invisible   avia-builder-el-72  el_after_av_heading  el_before_av_textblock '><span class='hr-inner ' ><span class='hr-inner-style'><\/span><\/span><\/div><br \/>\n<section class=\"av_textblock_section \"  itemscope=\"itemscope\" itemtype=\"https:\/\/schema.org\/CreativeWork\" ><div class='avia_textblock  av_inherit_color '  style='color:#6b6b6b; '  itemprop=\"text\" ><ul>\n<li>Glifing \u00e9s un m\u00e8tode d\u2019entrenament de la lectura, que millora la velocitat i la comprensi\u00f3 lectora\u00a0<strong>en molt poc temps a trav\u00e9s de videojocs.<\/strong><\/li>\n<li>A m\u00e9s a m\u00e9s, contribueix al desenvolupament emocional dels nens i nenes, un dels factors m\u00e9s importants perqu\u00e8 aconsegueixin <strong>l\u2019\u00e8xit acad\u00e8mic. <\/strong><\/li>\n<\/ul>\n<\/div><\/section><br \/>\n<div  style='height:30px' class='hr hr-invisible   avia-builder-el-74  el_after_av_textblock  el_before_av_icon_box '><span class='hr-inner ' ><span class='hr-inner-style'><\/span><\/span><\/div><br \/>\n<article  class=\"iconbox iconbox_right_content    avia-builder-el-75  el_after_av_hr  el_before_av_hr  \"  itemscope=\"itemscope\" itemtype=\"https:\/\/schema.org\/CreativeWork\" ><a href='https:\/\/espaivincles.es\/index.php\/proposta\/' title='Segueix llegint.'  class=\"iconbox_icon heading-color \" aria-hidden='true' data-av_icon='\ue832' data-av_iconfont='entypo-fontello'  ><\/a><div class=\"iconbox_content\"><header class=\"entry-content-header\"><h3 class='iconbox_content_title  '  itemprop=\"headline\"   style='color:#af1515; '><a href='https:\/\/espaivincles.es\/index.php\/proposta\/' title='Segueix llegint.' >Segueix llegint.<\/a><\/h3><\/header><div class='iconbox_content_container  '  itemprop=\"text\"  ><\/div><\/div><footer class=\"entry-footer\"><\/footer><\/article><br \/>\n<div  style='height:105px' class='hr hr-invisible   avia-builder-el-76  el_after_av_icon_box  el_before_av_hr '><span class='hr-inner ' ><span class='hr-inner-style'><\/span><\/span><\/div><br \/>\n<div  style='height:105px' class='hr hr-invisible   avia-builder-el-77  el_after_av_hr  el_before_av_hr '><span class='hr-inner ' ><span class='hr-inner-style'><\/span><\/span><\/div><br \/>\n<div  style='height:105px' class='hr hr-invisible   avia-builder-el-78  el_after_av_hr  el_before_av_hr '><span class='hr-inner ' ><span class='hr-inner-style'><\/span><\/span><\/div><br \/>\n<div  style='height:105px' class='hr hr-invisible   avia-builder-el-79  el_after_av_hr  avia-builder-el-last '><span class='hr-inner ' ><span class='hr-inner-style'><\/span><\/span><\/div><\/p><\/div><div   class='hr hr-big   avia-builder-el-80  el_after_av_two_third  el_before_av_one_third '><span class='hr-inner ' ><span class='hr-inner-style'><\/span><\/span><\/div>\n<div class=\"flex_column av_one_third  flex_column_div av-zero-column-padding first  avia-builder-el-81  el_after_av_hr  el_before_av_two_third  \" style='border-radius:0px; '><p><div  style='height:1px; margin-top:-28px'  class='hr hr-invisible   avia-builder-el-82  el_before_av_heading  avia-builder-el-first '><span class='hr-inner ' ><span class='hr-inner-style'><\/span><\/span><\/div><br \/>\n<div  style='padding-bottom:0px; ' class='av-special-heading av-special-heading-h1  blockquote modern-quote  avia-builder-el-83  el_after_av_hr  avia-builder-el-last  '><h1 class='av-special-heading-tag '  itemprop=\"headline\"  >Sessions Online<\/h1><div class='special-heading-border'><div class='special-heading-inner-border' ><\/div><\/div><\/div><\/p><\/div><div class=\"flex_column av_two_third  av-animated-generic fade-in  flex_column_div   avia-builder-el-84  el_after_av_one_third  el_before_av_hr  \" style='background: #f4f4f4; padding:38px; background-color:#f4f4f4; border-radius:18px; '><p><div  style='padding-bottom:0px; color:#6b6b6b;' class='av-special-heading av-special-heading-h1 custom-color-heading blockquote modern-quote  avia-builder-el-85  el_before_av_textblock  avia-builder-el-first  '><div class ='av-subheading av-subheading_above av_custom_color ' style='font-size:15px;'><p>En l\u2019actual context de pand\u00e8mia<\/p>\n<\/div><h1 class='av-special-heading-tag '  itemprop=\"headline\"  >Ofereixo fer sessions per videoconfer\u00e8ncia. <\/h1><div class='special-heading-border'><div class='special-heading-inner-border' style='border-color:#6b6b6b'><\/div><\/div><\/div><br \/>\n<section class=\"av_textblock_section \"  itemscope=\"itemscope\" itemtype=\"https:\/\/schema.org\/CreativeWork\" ><div class='avia_textblock  av_inherit_color '  style='color:#6b6b6b; '  itemprop=\"text\" ><p class=\"elementor-icon-list-item\"><span lang=\"CA\" style=\"font-family: 'Arial Nova',sans-serif;\">En l\u2019actual context de pand\u00e8mia, cal reinventar-se i trobar altres maneres de poder atendre a les persones, \u00e9s per aix\u00f2 que es poden iniciar o continuar els tractaments de forma on-line.<\/span><\/p>\n<p class=\"elementor-icon-list-item\"><span lang=\"CA\" style=\"font-family: 'Arial Nova',sans-serif;\">Pr\u00e8viament s\u2019estableix la hora i el software a utilitzar per realitzar la videotrucada. <\/span><\/p>\n<p class=\"elementor-icon-list-item\"><span lang=\"CA\" style=\"font-family: 'Arial Nova',sans-serif;\">El preu de les sessions \u00e9s el mateix que de forma presencial. <\/span><\/p>\n<p class=\"elementor-icon-list-item\"><span lang=\"CA\" style=\"font-family: 'Arial Nova',sans-serif;\">S\u2019acordar\u00e0 la forma de fer el pagament amb anterioritat, podent ser mitjan\u00e7ant el pagament amb m\u00f2bil Bizum o per transfer\u00e8ncia banc\u00e0ria.<\/span><\/p>\n<\/div><\/section><br \/>\n<section class=\"av_textblock_section \"  itemscope=\"itemscope\" itemtype=\"https:\/\/schema.org\/CreativeWork\" ><div class='avia_textblock  av_inherit_color '  style='color:#6b6b6b; '  itemprop=\"text\" ><p class=\"elementor-icon-list-item\"><span style=\"font-family: Arial Nova, sans-serif;\">Contacta amb mi i t&#8217;informar\u00e9 m\u00e9s detalladament.<br \/>\nPots fer-ho per tel\u00e8fon, trucant al m\u00f2bil <strong>628 55 91 16<br \/>\n<\/strong><\/span>o per correu, enviant-me un email a <strong>mmateo@espaivincles.es<\/strong><\/p>\n<p>Tamb\u00e9 pot omplir un formulari a <a href=\"https:\/\/espaivincles.es\/index.php\/contacte\/\"><strong>Contacte<\/strong><\/a>, i et respondr\u00e9 el m\u00e9s aviat possible.<\/p>\n<\/div><\/section><\/p><\/div><div   class='hr hr-big   avia-builder-el-88  el_after_av_two_third  el_before_av_one_third '><span class='hr-inner ' ><span class='hr-inner-style'><\/span><\/span><\/div>\n<div class=\"flex_column av_one_third  flex_column_div av-zero-column-padding first  avia-builder-el-89  el_after_av_hr  el_before_av_two_third  \" style='border-radius:0px; '><p><div  style='height:1px; margin-top:-28px'  class='hr hr-invisible   avia-builder-el-90  el_before_av_heading  avia-builder-el-first '><span class='hr-inner ' ><span class='hr-inner-style'><\/span><\/span><\/div><br \/>\n<div  style='padding-bottom:0px; ' class='av-special-heading av-special-heading-h1  blockquote modern-quote  avia-builder-el-91  el_after_av_hr  avia-builder-el-last  '><h1 class='av-special-heading-tag '  itemprop=\"headline\"  >Contacte<\/h1><div class='special-heading-border'><div class='special-heading-inner-border' ><\/div><\/div><\/div><\/p><\/div><div class=\"flex_column av_two_third  av-animated-generic fade-in  flex_column_div av-zero-column-padding   avia-builder-el-92  el_after_av_one_third  avia-builder-el-last  \" style='border-radius:0px; '><article  class=\"iconbox iconbox_left_content    avia-builder-el-93  avia-builder-el-no-sibling  \"  itemscope=\"itemscope\" itemtype=\"https:\/\/schema.org\/CreativeWork\" ><a href='https:\/\/espaivincles.es\/index.php\/contacte\/' title='Vols escriure\u2019m un correu ?'  class=\"iconbox_icon heading-color \" aria-hidden='true' data-av_icon='\ue805' data-av_iconfont='entypo-fontello'  ><\/a><div class=\"iconbox_content\"><header class=\"entry-content-header\"><h3 class='iconbox_content_title  '  itemprop=\"headline\"   style='color:#af1515; '><a href='https:\/\/espaivincles.es\/index.php\/contacte\/' title='Vols escriure\u2019m un correu ?' >Vols escriure\u2019m un correu ?<\/a><\/h3><\/header><div class='iconbox_content_container  '  itemprop=\"text\"  ><p>Prem aqu\u00ed i et dur\u00e9 a un formulari per fer-ho.<\/p>\n<\/div><\/div><footer class=\"entry-footer\"><\/footer><\/article><\/div>\n","protected":false},"excerpt":{"rendered":"","protected":false},"author":1,"featured_media":0,"parent":0,"menu_order":0,"comment_status":"closed","ping_status":"closed","template":"","meta":{"_joinchat":[],"footnotes":""},"class_list":["post-322","page","type-page","status-publish","hentry"],"_links":{"self":[{"href":"https:\/\/espaivincles.es\/index.php\/wp-json\/wp\/v2\/pages\/322","targetHints":{"allow":["GET"]}}],"collection":[{"href":"https:\/\/espaivincles.es\/index.php\/wp-json\/wp\/v2\/pages"}],"about":[{"href":"https:\/\/espaivincles.es\/index.php\/wp-json\/wp\/v2\/types\/page"}],"author":[{"embeddable":true,"href":"https:\/\/espaivincles.es\/index.php\/wp-json\/wp\/v2\/users\/1"}],"replies":[{"embeddable":true,"href":"https:\/\/espaivincles.es\/index.php\/wp-json\/wp\/v2\/comments?post=322"}],"version-history":[{"count":92,"href":"https:\/\/espaivincles.es\/index.php\/wp-json\/wp\/v2\/pages\/322\/revisions"}],"predecessor-version":[{"id":861,"href":"https:\/\/espaivincles.es\/index.php\/wp-json\/wp\/v2\/pages\/322\/revisions\/861"}],"wp:attachment":[{"href":"https:\/\/espaivincles.es\/index.php\/wp-json\/wp\/v2\/media?parent=322"}],"curies":[{"name":"wp","href":"https:\/\/api.w.org\/{rel}","templated":true}]}}